{"version":"1.0","provider_name":"T\u00fcrkiye Diyanet Vakf\u0131 Resmi Web Sitesi","provider_url":"https:\/\/tdv.org\/tr-TR","author_name":"Selim","author_url":"https:\/\/tdv.org\/tr-TR\/author\/selim\/","title":"\u201c8. Uluslararas\u0131 \u0130yilik \u00d6d\u00fclleri\u201d sahiplerini buldu","type":"rich","width":600,"height":338,"html":"<blockquote class=\"wp-embedded-content\" data-secret=\"sWvpzXVClf\"><a href=\"https:\/\/tdv.org\/tr-TR\/8-uluslararasi-iyilik-odulleri-sahiplerini-buldu\/\">\u201c8. Uluslararas\u0131 \u0130yilik \u00d6d\u00fclleri\u201d sahiplerini buldu<\/a><\/blockquote><iframe sandbox=\"allow-scripts\" security=\"restricted\" src=\"https:\/\/tdv.org\/tr-TR\/8-uluslararasi-iyilik-odulleri-sahiplerini-buldu\/embed\/#?secret=sWvpzXVClf\" width=\"600\" height=\"338\" title=\"&#8220;\u201c8. Uluslararas\u0131 \u0130yilik \u00d6d\u00fclleri\u201d sahiplerini buldu&#8221; &#8212; T\u00fcrkiye Diyanet Vakf\u0131 Resmi Web Sitesi\" data-secret=\"sWvpzXVClf\" frameborder=\"0\" marginwidth=\"0\" marginheight=\"0\" scrolling=\"no\" class=\"wp-embedded-content\"><\/iframe><script type=\"text\/javascript\">\n\/* <![CDATA[ *\/\n\/*! This file is auto-generated *\/\n!function(d,l){\"use strict\";l.querySelector&&d.addEventListener&&\"undefined\"!=typeof URL&&(d.wp=d.wp||{},d.wp.receiveEmbedMessage||(d.wp.receiveEmbedMessage=function(e){var t=e.data;if((t||t.secret||t.message||t.value)&&!\/[^a-zA-Z0-9]\/.test(t.secret)){for(var s,r,n,a=l.querySelectorAll('iframe[data-secret=\"'+t.secret+'\"]'),o=l.querySelectorAll('blockquote[data-secret=\"'+t.secret+'\"]'),c=new RegExp(\"^https?:$\",\"i\"),i=0;i<o.length;i++)o[i].style.display=\"none\";for(i=0;i<a.length;i++)s=a[i],e.source===s.contentWindow&&(s.removeAttribute(\"style\"),\"height\"===t.message?(1e3<(r=parseInt(t.value,10))?r=1e3:~~r<200&&(r=200),s.height=r):\"link\"===t.message&&(r=new URL(s.getAttribute(\"src\")),n=new URL(t.value),c.test(n.protocol))&&n.host===r.host&&l.activeElement===s&&(d.top.location.href=t.value))}},d.addEventListener(\"message\",d.wp.receiveEmbedMessage,!1),l.addEventListener(\"DOMContentLoaded\",function(){for(var e,t,s=l.querySelectorAll(\"iframe.wp-embedded-content\"),r=0;r<s.length;r++)(t=(e=s[r]).getAttribute(\"data-secret\"))||(t=Math.random().toString(36).substring(2,12),e.src+=\"#?secret=\"+t,e.setAttribute(\"data-secret\",t)),e.contentWindow.postMessage({message:\"ready\",secret:t},\"*\")},!1)))}(window,document);\n\/\/# sourceURL=https:\/\/tdv.org\/tr-TR\/wp-includes\/js\/wp-embed.min.js\n\/* ]]> *\/\n<\/script>\n","thumbnail_url":"https:\/\/tdv.org\/tr-TR\/wp-content\/uploads\/2025\/03\/8.-uluslararasi-iyilik-odulleri-sahiplerini-buldu-1.jpg","thumbnail_width":1152,"thumbnail_height":768,"description":"Diyanet \u0130\u015fleri Ba\u015fkanl\u0131\u011f\u0131 ve T\u00fcrkiye Diyanet Vakf\u0131 (TDV) taraf\u0131ndan d\u00fczenlenen \u201c8. Uluslararas\u0131 \u0130yilik \u00d6d\u00fclleri\u201d Cumhurba\u015fkan\u0131 Recep Tayyip Erdo\u011fan ve Diyanet \u0130\u015fleri Ba\u015fkan\u0131 Prof. Dr. Ali Erba\u015f\u2019\u0131n kat\u0131l\u0131m\u0131yla ger\u00e7ekle\u015ftirilen t\u00f6rende sahiplerini buldu."}