{"version":"1.0","provider_name":"T\u00fcrkiye Diyanet Vakf\u0131 Resmi Web Sitesi","provider_url":"https:\/\/tdv.org\/tr-TR","author_name":"Selim","author_url":"https:\/\/tdv.org\/tr-TR\/author\/selim\/","title":"\"Deprem b\u00f6lgesinde din g\u00f6revlilerimiz destan yazd\u0131\"","type":"rich","width":600,"height":338,"html":"<blockquote class=\"wp-embedded-content\" data-secret=\"HR4JyzB2hB\"><a href=\"https:\/\/tdv.org\/tr-TR\/deprem-bolgesinde-din-gorevlilerimiz-destan-yazdi\/\">&#8220;Deprem b\u00f6lgesinde din g\u00f6revlilerimiz destan yazd\u0131&#8221;<\/a><\/blockquote><iframe sandbox=\"allow-scripts\" security=\"restricted\" src=\"https:\/\/tdv.org\/tr-TR\/deprem-bolgesinde-din-gorevlilerimiz-destan-yazdi\/embed\/#?secret=HR4JyzB2hB\" width=\"600\" height=\"338\" title=\"&#8220;&#8220;Deprem b\u00f6lgesinde din g\u00f6revlilerimiz destan yazd\u0131&#8221;&#8221; &#8212; T\u00fcrkiye Diyanet Vakf\u0131 Resmi Web Sitesi\" data-secret=\"HR4JyzB2hB\" frameborder=\"0\" marginwidth=\"0\" marginheight=\"0\" scrolling=\"no\" class=\"wp-embedded-content\"><\/iframe><script type=\"text\/javascript\">\n\/* <![CDATA[ *\/\n\/*! This file is auto-generated *\/\n!function(d,l){\"use strict\";l.querySelector&&d.addEventListener&&\"undefined\"!=typeof URL&&(d.wp=d.wp||{},d.wp.receiveEmbedMessage||(d.wp.receiveEmbedMessage=function(e){var t=e.data;if((t||t.secret||t.message||t.value)&&!\/[^a-zA-Z0-9]\/.test(t.secret)){for(var s,r,n,a=l.querySelectorAll('iframe[data-secret=\"'+t.secret+'\"]'),o=l.querySelectorAll('blockquote[data-secret=\"'+t.secret+'\"]'),c=new RegExp(\"^https?:$\",\"i\"),i=0;i<o.length;i++)o[i].style.display=\"none\";for(i=0;i<a.length;i++)s=a[i],e.source===s.contentWindow&&(s.removeAttribute(\"style\"),\"height\"===t.message?(1e3<(r=parseInt(t.value,10))?r=1e3:~~r<200&&(r=200),s.height=r):\"link\"===t.message&&(r=new URL(s.getAttribute(\"src\")),n=new URL(t.value),c.test(n.protocol))&&n.host===r.host&&l.activeElement===s&&(d.top.location.href=t.value))}},d.addEventListener(\"message\",d.wp.receiveEmbedMessage,!1),l.addEventListener(\"DOMContentLoaded\",function(){for(var e,t,s=l.querySelectorAll(\"iframe.wp-embedded-content\"),r=0;r<s.length;r++)(t=(e=s[r]).getAttribute(\"data-secret\"))||(t=Math.random().toString(36).substring(2,12),e.src+=\"#?secret=\"+t,e.setAttribute(\"data-secret\",t)),e.contentWindow.postMessage({message:\"ready\",secret:t},\"*\")},!1)))}(window,document);\n\/\/# sourceURL=https:\/\/tdv.org\/tr-TR\/wp-includes\/js\/wp-embed.min.js\n\/* ]]> *\/\n<\/script>\n","thumbnail_url":"https:\/\/tdv.org\/tr-TR\/wp-content\/uploads\/2023\/04\/d3706a4a-5aaf-4e86-8fcb-48d2c236e37d_1_1200x800.jpg","thumbnail_width":1200,"thumbnail_height":800,"description":"Diyanet \u0130\u015fleri Ba\u015fkan\u0131 ve T\u00fcrkiye Diyanet Vakf\u0131 M\u00fctevelli Heyeti Ba\u015fkan\u0131 Prof. Dr. Ali Erba\u015f, \u201cDiyanet \u0130\u015fleri Ba\u015fkanl\u0131\u011f\u0131m\u0131z\u0131n ve T\u00fcrkiye Diyanet Vakf\u0131m\u0131z\u0131n y\u00fcz\u00fcn\u00fc ak edecek, her yerde iftiharla konu\u015fabilece\u011fimiz harika hikayelerin kahramanlar\u0131 oldunuz, destanlar yazd\u0131n\u0131z, sizlerle ne kadar iftihar etsek azd\u0131r.\u201d dedi"}