{"version":"1.0","provider_name":"T\u00fcrkiye Diyanet Vakf\u0131 Resmi Web Sitesi","provider_url":"https:\/\/tdv.org\/tr-TR","author_name":"Selim","author_url":"https:\/\/tdv.org\/tr-TR\/author\/selim\/","title":"VEFA \u00d6D\u00dcL\u00dc \/ D\u0130YARBAKIR ANNELER\u0130","type":"rich","width":600,"height":338,"html":"<blockquote class=\"wp-embedded-content\" data-secret=\"uESrMenVfZ\"><a href=\"https:\/\/tdv.org\/tr-TR\/diyarbakir-anneleri\/\">VEFA \u00d6D\u00dcL\u00dc \/ D\u0130YARBAKIR ANNELER\u0130<\/a><\/blockquote><iframe sandbox=\"allow-scripts\" security=\"restricted\" src=\"https:\/\/tdv.org\/tr-TR\/diyarbakir-anneleri\/embed\/#?secret=uESrMenVfZ\" width=\"600\" height=\"338\" title=\"&#8220;VEFA \u00d6D\u00dcL\u00dc \/ D\u0130YARBAKIR ANNELER\u0130&#8221; &#8212; T\u00fcrkiye Diyanet Vakf\u0131 Resmi Web Sitesi\" data-secret=\"uESrMenVfZ\" frameborder=\"0\" marginwidth=\"0\" marginheight=\"0\" scrolling=\"no\" class=\"wp-embedded-content\"><\/iframe><script type=\"text\/javascript\">\n\/* <![CDATA[ *\/\n\/*! This file is auto-generated *\/\n!function(d,l){\"use strict\";l.querySelector&&d.addEventListener&&\"undefined\"!=typeof URL&&(d.wp=d.wp||{},d.wp.receiveEmbedMessage||(d.wp.receiveEmbedMessage=function(e){var t=e.data;if((t||t.secret||t.message||t.value)&&!\/[^a-zA-Z0-9]\/.test(t.secret)){for(var s,r,n,a=l.querySelectorAll('iframe[data-secret=\"'+t.secret+'\"]'),o=l.querySelectorAll('blockquote[data-secret=\"'+t.secret+'\"]'),c=new RegExp(\"^https?:$\",\"i\"),i=0;i<o.length;i++)o[i].style.display=\"none\";for(i=0;i<a.length;i++)s=a[i],e.source===s.contentWindow&&(s.removeAttribute(\"style\"),\"height\"===t.message?(1e3<(r=parseInt(t.value,10))?r=1e3:~~r<200&&(r=200),s.height=r):\"link\"===t.message&&(r=new URL(s.getAttribute(\"src\")),n=new URL(t.value),c.test(n.protocol))&&n.host===r.host&&l.activeElement===s&&(d.top.location.href=t.value))}},d.addEventListener(\"message\",d.wp.receiveEmbedMessage,!1),l.addEventListener(\"DOMContentLoaded\",function(){for(var e,t,s=l.querySelectorAll(\"iframe.wp-embedded-content\"),r=0;r<s.length;r++)(t=(e=s[r]).getAttribute(\"data-secret\"))||(t=Math.random().toString(36).substring(2,12),e.src+=\"#?secret=\"+t,e.setAttribute(\"data-secret\",t)),e.contentWindow.postMessage({message:\"ready\",secret:t},\"*\")},!1)))}(window,document);\n\/\/# sourceURL=https:\/\/tdv.org\/tr-TR\/wp-includes\/js\/wp-embed.min.js\n\/* ]]> *\/\n<\/script>\n","thumbnail_url":"https:\/\/tdv.org\/tr-TR\/wp-content\/uploads\/2022\/03\/diyarbakir-anneleri-scaled.jpg","thumbnail_width":2560,"thumbnail_height":1443,"description":"Y\u0131llarca ter\u00f6r belas\u0131na \u015fehit ve gazi veren bu \u00fclkenin annelerinin g\u00f6zya\u015flar\u0131, Diyarbak\u0131r Annelerinin \u201cEvlatlar\u0131m\u0131z\u0131 geri istiyoruz\u201d feryad\u0131yla yank\u0131 buldu. Onlar azimleriyle, cesaretleriyle T\u00fcrkiye\u2019yi kendine hayran b\u0131rakt\u0131\u2026\u00a0 Ba\u015flatt\u0131klar\u0131 oturma eylemiyle ter\u00f6r\u00fcn pen\u00e7esinden \u00e7ocuklar\u0131n\u0131 kurtaran annelerimiz ter\u00f6rle m\u00fccadelenin simgelerinden biri oldular."}