{"version":"1.0","provider_name":"T\u00fcrkiye Diyanet Vakf\u0131 Resmi Web Sitesi","provider_url":"https:\/\/tdv.org\/tr-TR","author_name":"U\u011fur","author_url":"https:\/\/tdv.org\/tr-TR\/author\/ugur-ogut\/","title":"T\u00fcrkiye Diyanet Vakf\u0131 L\u00fcbnan'\u0131n yaralar\u0131n\u0131 sar\u0131yor","type":"rich","width":600,"height":338,"html":"<blockquote class=\"wp-embedded-content\" data-secret=\"rY9awYKE4D\"><a href=\"https:\/\/tdv.org\/tr-TR\/turkiye-diyanet-vakfi-lubnanin-yaralarini-sariyor\/\">T\u00fcrkiye Diyanet Vakf\u0131 L\u00fcbnan&#8217;\u0131n yaralar\u0131n\u0131 sar\u0131yor<\/a><\/blockquote><iframe sandbox=\"allow-scripts\" security=\"restricted\" src=\"https:\/\/tdv.org\/tr-TR\/turkiye-diyanet-vakfi-lubnanin-yaralarini-sariyor\/embed\/#?secret=rY9awYKE4D\" width=\"600\" height=\"338\" title=\"&#8220;T\u00fcrkiye Diyanet Vakf\u0131 L\u00fcbnan&#8217;\u0131n yaralar\u0131n\u0131 sar\u0131yor&#8221; &#8212; T\u00fcrkiye Diyanet Vakf\u0131 Resmi Web Sitesi\" data-secret=\"rY9awYKE4D\" frameborder=\"0\" marginwidth=\"0\" marginheight=\"0\" scrolling=\"no\" class=\"wp-embedded-content\"><\/iframe><script type=\"text\/javascript\">\n\/* <![CDATA[ *\/\n\/*! This file is auto-generated *\/\n!function(d,l){\"use strict\";l.querySelector&&d.addEventListener&&\"undefined\"!=typeof URL&&(d.wp=d.wp||{},d.wp.receiveEmbedMessage||(d.wp.receiveEmbedMessage=function(e){var t=e.data;if((t||t.secret||t.message||t.value)&&!\/[^a-zA-Z0-9]\/.test(t.secret)){for(var s,r,n,a=l.querySelectorAll('iframe[data-secret=\"'+t.secret+'\"]'),o=l.querySelectorAll('blockquote[data-secret=\"'+t.secret+'\"]'),c=new RegExp(\"^https?:$\",\"i\"),i=0;i<o.length;i++)o[i].style.display=\"none\";for(i=0;i<a.length;i++)s=a[i],e.source===s.contentWindow&&(s.removeAttribute(\"style\"),\"height\"===t.message?(1e3<(r=parseInt(t.value,10))?r=1e3:~~r<200&&(r=200),s.height=r):\"link\"===t.message&&(r=new URL(s.getAttribute(\"src\")),n=new URL(t.value),c.test(n.protocol))&&n.host===r.host&&l.activeElement===s&&(d.top.location.href=t.value))}},d.addEventListener(\"message\",d.wp.receiveEmbedMessage,!1),l.addEventListener(\"DOMContentLoaded\",function(){for(var e,t,s=l.querySelectorAll(\"iframe.wp-embedded-content\"),r=0;r<s.length;r++)(t=(e=s[r]).getAttribute(\"data-secret\"))||(t=Math.random().toString(36).substring(2,12),e.src+=\"#?secret=\"+t,e.setAttribute(\"data-secret\",t)),e.contentWindow.postMessage({message:\"ready\",secret:t},\"*\")},!1)))}(window,document);\n\/\/# sourceURL=https:\/\/tdv.org\/tr-TR\/wp-includes\/js\/wp-embed.min.js\n\/* ]]> *\/\n<\/script>\n","thumbnail_url":"https:\/\/tdv.org\/tr-TR\/wp-content\/uploads\/2020\/08\/T\u00fcrkiye-Diyanet-Vakf\u0131-L\u00fcbnan\u0131n-yaralar\u0131n\u0131-sar\u0131yor-5.jpeg","thumbnail_width":1280,"thumbnail_height":853,"description":"\u201cYery\u00fcz\u00fcnde \u0130yilik Egemen Oluncaya Kadar\u201d slogan\u0131yla d\u00fcnyan\u0131n d\u00f6rt bir yan\u0131nda mazlum ve ma\u011fdurlar\u0131n yard\u0131m\u0131na ko\u015fan, kriz b\u00f6lgelerine acil insani yard\u0131m ula\u015ft\u0131ran T\u00fcrkiye Diyanet Vakf\u0131, L\u00fcbnan\u2019\u0131n ba\u015fkenti Beyrut\u2019taki patlama sonras\u0131nda da b\u00f6lgeye yard\u0131m ula\u015ft\u0131rd\u0131."}