{"version":"1.0","provider_name":"T\u00fcrkiye Diyanet Vakf\u0131 Resmi Web Sitesi","provider_url":"https:\/\/tdv.org\/tr-TR","author_name":"Musa","author_url":"https:\/\/tdv.org\/tr-TR\/author\/musa-ozyurek\/","title":"Yurt i\u00e7i kurban ba\u011f\u0131\u015flar\u0131nda b\u00fcy\u00fck art\u0131\u015f ya\u015fand\u0131","type":"rich","width":600,"height":338,"html":"<blockquote class=\"wp-embedded-content\" data-secret=\"tuu02pEbu5\"><a href=\"https:\/\/tdv.org\/tr-TR\/yurt-ici-kurban-bagislarinda-buyuk-artis-yasandi\/\">Yurt i\u00e7i kurban ba\u011f\u0131\u015flar\u0131nda b\u00fcy\u00fck art\u0131\u015f ya\u015fand\u0131<\/a><\/blockquote><iframe sandbox=\"allow-scripts\" security=\"restricted\" src=\"https:\/\/tdv.org\/tr-TR\/yurt-ici-kurban-bagislarinda-buyuk-artis-yasandi\/embed\/#?secret=tuu02pEbu5\" width=\"600\" height=\"338\" title=\"&#8220;Yurt i\u00e7i kurban ba\u011f\u0131\u015flar\u0131nda b\u00fcy\u00fck art\u0131\u015f ya\u015fand\u0131&#8221; &#8212; T\u00fcrkiye Diyanet Vakf\u0131 Resmi Web Sitesi\" data-secret=\"tuu02pEbu5\" frameborder=\"0\" marginwidth=\"0\" marginheight=\"0\" scrolling=\"no\" class=\"wp-embedded-content\"><\/iframe><script type=\"text\/javascript\">\n\/* <![CDATA[ *\/\n\/*! This file is auto-generated *\/\n!function(d,l){\"use strict\";l.querySelector&&d.addEventListener&&\"undefined\"!=typeof URL&&(d.wp=d.wp||{},d.wp.receiveEmbedMessage||(d.wp.receiveEmbedMessage=function(e){var t=e.data;if((t||t.secret||t.message||t.value)&&!\/[^a-zA-Z0-9]\/.test(t.secret)){for(var s,r,n,a=l.querySelectorAll('iframe[data-secret=\"'+t.secret+'\"]'),o=l.querySelectorAll('blockquote[data-secret=\"'+t.secret+'\"]'),c=new RegExp(\"^https?:$\",\"i\"),i=0;i<o.length;i++)o[i].style.display=\"none\";for(i=0;i<a.length;i++)s=a[i],e.source===s.contentWindow&&(s.removeAttribute(\"style\"),\"height\"===t.message?(1e3<(r=parseInt(t.value,10))?r=1e3:~~r<200&&(r=200),s.height=r):\"link\"===t.message&&(r=new URL(s.getAttribute(\"src\")),n=new URL(t.value),c.test(n.protocol))&&n.host===r.host&&l.activeElement===s&&(d.top.location.href=t.value))}},d.addEventListener(\"message\",d.wp.receiveEmbedMessage,!1),l.addEventListener(\"DOMContentLoaded\",function(){for(var e,t,s=l.querySelectorAll(\"iframe.wp-embedded-content\"),r=0;r<s.length;r++)(t=(e=s[r]).getAttribute(\"data-secret\"))||(t=Math.random().toString(36).substring(2,12),e.src+=\"#?secret=\"+t,e.setAttribute(\"data-secret\",t)),e.contentWindow.postMessage({message:\"ready\",secret:t},\"*\")},!1)))}(window,document);\n\/\/# sourceURL=https:\/\/tdv.org\/tr-TR\/wp-includes\/js\/wp-embed.min.js\n\/* ]]> *\/\n<\/script>\n","thumbnail_url":"https:\/\/tdv.org\/tr-TR\/wp-content\/uploads\/2020\/08\/Yurt-i\u00e7i-kurban-ba\u011f\u0131\u015flar\u0131nda-b\u00fcy\u00fck-art\u0131\u015f-ya\u015fand\u0131-5.jpg","thumbnail_width":1621,"thumbnail_height":1080,"description":"Yar\u0131m asra yak\u0131n s\u00fcredir ger\u00e7ekle\u015ftirdi\u011fi faaliyetlerle milletimizin iyilik temsilcisi olan T\u00fcrkiye Diyanet Vakf\u0131 olarak, Diyanet \u0130\u015fleri Ba\u015fkanl\u0131\u011f\u0131m\u0131z ile birlikte \u201cKurban\u0131n\u0131 payla\u015f, karde\u015finle yak\u0131nla\u015f\u201d slogan\u0131yla y\u00fcr\u00fctt\u00fc\u011f\u00fcm\u00fcz 2020 Y\u0131l\u0131 Vekalet Yoluyla Kurban Kesim program\u0131 kapsam\u0131nda bu sene \u00f6zellikle yurt i\u00e7inde ciddi bir art\u0131\u015f meydana gelmi\u015ftir."}