{"id":508,"date":"2019-01-12T16:57:17","date_gmt":"2019-01-12T13:57:17","guid":{"rendered":"http:\/\/tdvwptdvorg.azurewebsites.net\/?page_id=508"},"modified":"2026-04-07T10:16:11","modified_gmt":"2026-04-07T07:16:11","slug":"arastirma-merkezleri","status":"publish","type":"page","link":"https:\/\/tdv.org\/tr-TR\/kurumsal\/arastirma-merkezleri\/","title":{"rendered":"Ara\u015ft\u0131rma Merkezleri"},"content":{"rendered":"[vc_row type=&#8221;in_container&#8221; full_screen_row_position=&#8221;middle&#8221; column_margin=&#8221;default&#8221; column_direction=&#8221;default&#8221; column_direction_tablet=&#8221;default&#8221; column_direction_phone=&#8221;default&#8221; scene_position=&#8221;center&#8221; text_color=&#8221;dark&#8221; text_align=&#8221;left&#8221; row_border_radius=&#8221;none&#8221; row_border_radius_applies=&#8221;bg&#8221; row_position_desktop=&#8221;default&#8221; row_position_tablet=&#8221;inherit&#8221; row_position_phone=&#8221;inherit&#8221; overflow=&#8221;visible&#8221; overlay_strength=&#8221;0.3&#8243; gradient_direction=&#8221;left_to_right&#8221; shape_divider_position=&#8221;bottom&#8221; bg_image_animation=&#8221;none&#8221;][vc_column column_padding=&#8221;no-extra-padding&#8221; column_padding_tablet=&#8221;inherit&#8221; column_padding_phone=&#8221;inherit&#8221; column_padding_position=&#8221;all&#8221; flex_gap_desktop=&#8221;10px&#8221; column_element_direction_desktop=&#8221;default&#8221; column_element_spacing=&#8221;default&#8221; desktop_text_alignment=&#8221;default&#8221; tablet_text_alignment=&#8221;default&#8221; phone_text_alignment=&#8221;default&#8221; background_color_opacity=&#8221;1&#8243; background_hover_color_opacity=&#8221;1&#8243; column_backdrop_filter=&#8221;none&#8221; column_shadow=&#8221;none&#8221; column_border_radius=&#8221;none&#8221; column_link_target=&#8221;_self&#8221; column_position=&#8221;default&#8221; gradient_direction=&#8221;left_to_right&#8221; overlay_strength=&#8221;0.3&#8243; width=&#8221;1\/1&#8243; tablet_width_inherit=&#8221;default&#8221; animation_type=&#8221;default&#8221; bg_image_animation=&#8221;none&#8221; border_type=&#8221;simple&#8221; column_border_width=&#8221;none&#8221; column_border_style=&#8221;solid&#8221;][divider line_type=&#8221;No Line&#8221; custom_height=&#8221;20&#8243;][vc_column_text css=&#8221;&#8221; text_direction=&#8221;default&#8221;]\n            <div \n                class=\"elfsight-widget-social-icons elfsight-widget\" \n                data-elfsight-social-icons-options=\"%7B%22items%22%3A%5B%7B%22type%22%3A%22custom%22%2C%22url%22%3A%22https%3A%5C%2F%5C%2Fsosyal.teknofest.app%5C%2F%40diyanetvakfi%22%2C%22iconUrl%22%3A%22https%3A%5C%2F%5C%2Ftdv.org%5C%2Ftr-TR%5C%2Fwp-content%5C%2Fuploads%5C%2F2025%5C%2F10%5C%2Ficon_next-1.png%22%7D%2C%7B%22type%22%3A%22custom%22%2C%22url%22%3A%22https%3A%5C%2F%5C%2Fwww.facebook.com%5C%2FDiyanetvakfi%5C%2F%22%2C%22iconUrl%22%3A%22https%3A%5C%2F%5C%2Ftdv.org%5C%2Ftr-TR%5C%2Fwp-content%5C%2Fuploads%5C%2F2025%5C%2F10%5C%2Ficon_face.png%22%7D%2C%7B%22type%22%3A%22custom%22%2C%22url%22%3A%22https%3A%5C%2F%5C%2Ftwitter.com%5C%2FDiyanetVakfi%22%2C%22iconUrl%22%3A%22https%3A%5C%2F%5C%2Ftdv.org%5C%2Ftr-TR%5C%2Fwp-content%5C%2Fuploads%5C%2F2025%5C%2F10%5C%2Ficon_x-1.png%22%7D%2C%7B%22type%22%3A%22custom%22%2C%22url%22%3A%22https%3A%5C%2F%5C%2Fwww.instagram.com%5C%2Fturkiyediyanetvakfi%5C%2F%22%2C%22iconUrl%22%3A%22https%3A%5C%2F%5C%2Ftdv.org%5C%2Ftr-TR%5C%2Fwp-content%5C%2Fuploads%5C%2F2025%5C%2F10%5C%2Ficon_inst.png%22%7D%2C%7B%22url%22%3A%22https%3A%5C%2F%5C%2Fwww.youtube.com%5C%2Fuser%5C%2FTurkiyeDiyanetVakfi%22%2C%22type%22%3A%22custom%22%2C%22iconUrl%22%3A%22https%3A%5C%2F%5C%2Ftdv.org%5C%2Ftr-TR%5C%2Fwp-content%5C%2Fuploads%5C%2F2025%5C%2F10%5C%2Ficon_youtube-1.png%22%7D%2C%7B%22url%22%3A%22https%3A%5C%2F%5C%2Ftdv.org%5C%2Ftr-TR%5C%2Fwhatsapp-kanali%22%2C%22type%22%3A%22custom%22%2C%22iconUrl%22%3A%22https%3A%5C%2F%5C%2Ftdv.org%5C%2Ftr-TR%5C%2Fwp-content%5C%2Fuploads%5C%2F2025%5C%2F10%5C%2Ficon_whatsapp.png%22%7D%2C%7B%22url%22%3A%22https%3A%5C%2F%5C%2Fnews.google.com%5C%2Fpublications%5C%2FCAAqBwgKMOS0xQswh9DcAw%3Fceid%3DTR%3Atr%26oc%3D3%22%2C%22type%22%3A%22custom%22%2C%22iconUrl%22%3A%22https%3A%5C%2F%5C%2Ftdv.org%5C%2Ftr-TR%5C%2Fwp-content%5C%2Fuploads%5C%2F2025%5C%2F10%5C%2Ficon_googlenews.png%22%7D%2C%7B%22url%22%3A%22tel%3A4446264%22%2C%22type%22%3A%22custom%22%2C%22iconUrl%22%3A%22https%3A%5C%2F%5C%2Ftdv.org%5C%2Ftr-TR%5C%2Fwp-content%5C%2Fuploads%5C%2F2025%5C%2F10%5C%2Ficon_tel-1.png%22%7D%5D%2C%22size%22%3A%2232%22%2C%22location%22%3A%22floating%22%2C%22position%22%3A%22left%22%2C%22style%22%3A%22default%22%2C%22iconColor%22%3A%22black%22%2C%22bgColor%22%3A%22white%22%2C%22iconColorOnHover%22%3A%22white%22%2C%22bgColorOnHover%22%3A%22black%22%2C%22borderRadius%22%3A%22square%22%2C%22animation%22%3A%22bounce%22%2C%22transparency%22%3A100%2C%22transparencyOnHover%22%3A100%2C%22widgetId%22%3A%224%22%7D\" \n                data-elfsight-social-icons-version=\"1.7.1\"\n                data-elfsight-widget-id=\"elfsight-social-icons-4\">\n            <\/div>\n            [\/vc_column_text][\/vc_column][\/vc_row][vc_row type=&#8221;full_width_background&#8221; full_screen_row_position=&#8221;middle&#8221; column_margin=&#8221;default&#8221; column_direction=&#8221;default&#8221; column_direction_tablet=&#8221;default&#8221; column_direction_phone=&#8221;default&#8221; bg_color=&#8221;#ffffff&#8221; full_height=&#8221;yes&#8221; columns_placement=&#8221;stretch&#8221; scene_position=&#8221;center&#8221; text_color=&#8221;dark&#8221; text_align=&#8221;left&#8221; row_border_radius=&#8221;none&#8221; row_border_radius_applies=&#8221;bg&#8221; row_position_desktop=&#8221;default&#8221; row_position_tablet=&#8221;inherit&#8221; row_position_phone=&#8221;inherit&#8221; overflow=&#8221;visible&#8221; id=&#8221;idariyapi&#8221; overlay_strength=&#8221;1&#8243; gradient_direction=&#8221;left_to_right&#8221; shape_divider_position=&#8221;bottom&#8221; bg_image_animation=&#8221;none&#8221; shape_type=&#8221;&#8221;][vc_column column_padding=&#8221;padding-3-percent&#8221; column_padding_tablet=&#8221;inherit&#8221; column_padding_phone=&#8221;inherit&#8221; column_padding_position=&#8221;all&#8221; flex_gap_desktop=&#8221;10px&#8221; column_element_direction_desktop=&#8221;default&#8221; column_element_spacing=&#8221;default&#8221; centered_text=&#8221;true&#8221; desktop_text_alignment=&#8221;default&#8221; tablet_text_alignment=&#8221;default&#8221; phone_text_alignment=&#8221;default&#8221; background_color_opacity=&#8221;1&#8243; background_hover_color_opacity=&#8221;1&#8243; column_backdrop_filter=&#8221;none&#8221; column_shadow=&#8221;small_depth&#8221; column_border_radius=&#8221;none&#8221; column_link_target=&#8221;_self&#8221; column_position=&#8221;default&#8221; gradient_direction=&#8221;left_to_right&#8221; overlay_strength=&#8221;0.3&#8243; width=&#8221;1\/2&#8243; tablet_width_inherit=&#8221;default&#8221; animation_type=&#8221;default&#8221; bg_image_animation=&#8221;none&#8221; border_type=&#8221;simple&#8221; column_border_width=&#8221;none&#8221; column_border_color=&#8221;#e5cb94&#8243; column_border_style=&#8221;double&#8221; enable_border_animation=&#8221;true&#8221; border_animation_delay=&#8221;300&#8243;][split_line_heading line_reveal_by_space_text_effect=&#8221;default&#8221; font_style=&#8221;h3&#8243; text_color=&#8221;#073677&#8243; content_alignment=&#8221;center&#8221; mobile_content_alignment=&#8221;inherit&#8221; animation_type=&#8221;line-reveal-by-space&#8221; link_target=&#8221;_self&#8221; text_content=&#8221;\u0130SLAM ARA\u015eTIRMALARI MERKEZ\u0130 (\u0130SAM)&#8221; text_direction=&#8221;default&#8221;][\/split_line_heading][divider line_type=&#8221;Full Width Line&#8221; line_thickness=&#8221;1&#8243; divider_color=&#8221;default&#8221; custom_height=&#8221;30&#8243;][vc_column_text css=&#8221;&#8221; text_direction=&#8221;default&#8221;]\n<p style=\"text-align: justify;\"><img decoding=\"async\" class=\"alignnone wp-image-56673\" src=\"https:\/\/tdv.org\/tr-TR\/wp-content\/uploads\/2026\/03\/isam-img-1-300x73.jpg\" alt=\"\" width=\"1097\" height=\"267\" srcset=\"https:\/\/tdv.org\/tr-TR\/wp-content\/uploads\/2026\/03\/isam-img-1-300x73.jpg 300w, https:\/\/tdv.org\/tr-TR\/wp-content\/uploads\/2026\/03\/isam-img-1-768x187.jpg 768w, https:\/\/tdv.org\/tr-TR\/wp-content\/uploads\/2026\/03\/isam-img-1.jpg 1009w\" sizes=\"(max-width: 1097px) 100vw, 1097px\" \/><\/p>\n<p style=\"text-align: justify;\">T\u00fcrk \u2013 \u0130slam tarihi, k\u00fclt\u00fcr\u00fc ve medeniyetinin do\u011fru ve bilimsel bir tarzda \u00f6\u011frenilmesini ve tan\u0131t\u0131lmas\u0131n\u0131 ama\u00e7layan \u0130SAM, bu amaca y\u00f6nelik olarak ulusal ve uluslararas\u0131 bilimsel ara\u015ft\u0131rma projelerini desteklemekte ve \u00fcretilen bilginin daha geni\u015f kitlelere ula\u015ft\u0131r\u0131lmas\u0131 i\u00e7in ansiklopedi, dergi ve kitaplar yay\u0131mlamakta, sempozyum ve konferanslar d\u00fczenlemektedir. \u0130SAM \u00f6zellikle \u0130slami ilimler alan\u0131nda bilimsel \u00e7al\u0131\u015fmalar\u0131n\u0131 yo\u011funla\u015ft\u0131rarak s\u00fcrd\u00fcrmekte, T\u00fcrk k\u00fclt\u00fcr hayat\u0131na ve Ortado\u011fu, Orta Asya, Balkanlar ve Kuzey Afrika\u2019y\u0131 kapsayan \u00e7al\u0131\u015fmalar\u0131yla \u0130slami ara\u015ft\u0131rmalara katk\u0131da bulunmaktad\u0131r.<\/p>\n<p style=\"text-align: justify;\">\u0130SAM bir taraftan T\u00fcrk ve \u0130slam d\u00fcnyas\u0131n\u0131n tarihi miras\u0131n\u0131 modern bilimsel y\u00f6ntemlerle ara\u015ft\u0131rarak g\u00fcn\u00fcm\u00fcz insan\u0131n dikkatine sunmakta, di\u011fer taraftan da M\u00fcsl\u00fcman co\u011frafyadaki din\u00ee, sosyal, k\u00fclt\u00fcrel ve entelekt\u00fcel de\u011fi\u015fim ve geli\u015fmeleri izleyerek ara\u015ft\u0131rmac\u0131, bilim adam\u0131 ve y\u00f6neticiler i\u00e7in bilgi birikimi sa\u011flamakta, nitelikli \u00e7al\u0131\u015fmalar y\u00fcr\u00fctmek amac\u0131yla T\u00fcrkiye i\u00e7indeki ve d\u0131\u015f\u0131ndaki bilimsel ve akademik kurumlarla ili\u015fkilerini s\u00fcrd\u00fcrmektedir.<\/p>\n<p>&nbsp;<\/p>\n<p style=\"text-align: justify;\"><img decoding=\"async\" class=\"alignnone wp-image-56674\" src=\"https:\/\/tdv.org\/tr-TR\/wp-content\/uploads\/2026\/03\/isam-img-2-300x136.jpg\" alt=\"\" width=\"1151\" height=\"522\" srcset=\"https:\/\/tdv.org\/tr-TR\/wp-content\/uploads\/2026\/03\/isam-img-2-300x136.jpg 300w, https:\/\/tdv.org\/tr-TR\/wp-content\/uploads\/2026\/03\/isam-img-2-768x347.jpg 768w\" sizes=\"(max-width: 1151px) 100vw, 1151px\" \/><\/p>\n<p style=\"text-align: justify;\">Olu\u015fturdu\u011fu k\u00fct\u00fcphane, ar\u015fiv ve dok\u00fcmantasyon birimiyle ara\u015ft\u0131rmac\u0131lara b\u00fcy\u00fck bir hizmet sunan \u0130SAM, ayr\u0131ca yurt i\u00e7inde ve d\u0131\u015f\u0131nda ara\u015ft\u0131rmac\u0131 yeti\u015ftirmeyi ve ilmi ara\u015ft\u0131rmalar yapt\u0131rmay\u0131 planlay\u0131p uygulamaya koymu\u015f, bu ama\u00e7la bug\u00fcne kadar de\u011fi\u015fik alanlar i\u00e7in pek \u00e7ok eleman se\u00e7ilmi\u015f, bunlardan bir k\u0131sm\u0131 doktoralar\u0131n\u0131 tamamlay\u0131p \u0130SAM\u2019da (baz\u0131lar\u0131 muhtelif \u00fcniversitelerde) ara\u015ft\u0131rmac\u0131 olarak \u00e7al\u0131\u015fmalar\u0131na ba\u015flam\u0131\u015ft\u0131r.<\/p>\n<p style=\"text-align: justify;\">K\u00fclt\u00fcr hayat\u0131m\u0131za \u00e7ok de\u011ferli katk\u0131lar sunan \u0130SAM; ayn\u0131 zamanda y\u00fczy\u0131l\u0131n k\u00fclt\u00fcr hazinesi olan Vakf\u0131m\u0131z \u0130slam Ansiklopedisi\u2019ni yay\u0131nlam\u0131\u015f, dini ve k\u00fclt\u00fcrel muhteva a\u00e7\u0131s\u0131ndan e\u015fsiz olan bu eseri toplumumuza kazand\u0131rm\u0131\u015ft\u0131r.<\/p>\n[\/vc_column_text][\/vc_column][vc_column column_padding=&#8221;padding-3-percent&#8221; column_padding_tablet=&#8221;inherit&#8221; column_padding_phone=&#8221;inherit&#8221; column_padding_position=&#8221;all&#8221; flex_gap_desktop=&#8221;10px&#8221; column_element_direction_desktop=&#8221;default&#8221; column_element_spacing=&#8221;default&#8221; centered_text=&#8221;true&#8221; desktop_text_alignment=&#8221;default&#8221; tablet_text_alignment=&#8221;default&#8221; phone_text_alignment=&#8221;default&#8221; background_color_opacity=&#8221;1&#8243; background_hover_color_opacity=&#8221;1&#8243; column_backdrop_filter=&#8221;none&#8221; column_shadow=&#8221;small_depth&#8221; column_border_radius=&#8221;none&#8221; column_link_target=&#8221;_self&#8221; column_position=&#8221;default&#8221; gradient_direction=&#8221;left_to_right&#8221; overlay_strength=&#8221;0.3&#8243; width=&#8221;1\/2&#8243; tablet_width_inherit=&#8221;default&#8221; animation_type=&#8221;default&#8221; bg_image_animation=&#8221;none&#8221; border_type=&#8221;simple&#8221; column_border_width=&#8221;none&#8221; column_border_style=&#8221;double&#8221; enable_border_animation=&#8221;true&#8221; border_animation_delay=&#8221;300&#8243;][split_line_heading line_reveal_by_space_text_effect=&#8221;default&#8221; font_style=&#8221;h3&#8243; text_color=&#8221;#073677&#8243; content_alignment=&#8221;center&#8221; mobile_content_alignment=&#8221;inherit&#8221; animation_type=&#8221;line-reveal-by-space&#8221; link_target=&#8221;_self&#8221; text_content=&#8221;\u0130L\u0130M, K\u00dcLT\u00dcR, SANAT VE YAYIN KURULU BA\u015eKANLI\u011eI (\u0130LKSAY)&#8221; text_direction=&#8221;default&#8221;][\/split_line_heading][divider line_type=&#8221;Full Width Line&#8221; line_thickness=&#8221;1&#8243; divider_color=&#8221;default&#8221; custom_height=&#8221;30&#8243;][image_with_animation image_url=&#8221;33157&#8243; image_size=&#8221;full&#8221; max_width=&#8221;100%&#8221; max_width_mobile=&#8221;default&#8221; animation_type=&#8221;entrance&#8221; animation=&#8221;Fade In&#8221; animation_easing=&#8221;default&#8221; animation_movement_type=&#8221;transform_y&#8221; hover_animation=&#8221;none&#8221; alignment=&#8221;&#8221; border_radius=&#8221;none&#8221; box_shadow=&#8221;none&#8221; image_loading=&#8221;default&#8221; margin_bottom=&#8221;30&#8243;][divider line_type=&#8221;No Line&#8221; custom_height=&#8221;10&#8243;][vc_column_text css=&#8221;&#8221; text_direction=&#8221;default&#8221;]\u0130lim K\u00fclt\u00fcr Sanat ve Yay\u0131n Kurulu Ba\u015fkanl\u0131\u011f\u0131, k\u0131sa ad\u0131yla \u0130LKSAY, 1989 y\u0131l\u0131nda T\u00fcrkiye Diyanet Vakf\u0131 Yay\u0131n Kurulu ad\u0131yla faaliyetlerine ba\u015flam\u0131\u015ft\u0131r. 2018 y\u0131l\u0131nda M\u00fctevelli Heyetimiz taraf\u0131ndan yeniden te\u015fekk\u00fcl ettirilen \u0130LKSAY Kurulu, Diyanet \u0130\u015fleri Ba\u015fkan Yard\u0131mc\u0131s\u0131 Prof. Dr. Huriye Mart\u0131\u2019n\u0131n ba\u015fkanl\u0131\u011f\u0131nda 9 \u00fcyeden olu\u015fmaktad\u0131r. Zamanla \u0130LKSAY b\u00fcnyesinde edit\u00f6r, musahhih, m\u00fctercim gibi farkl\u0131 alanlarda uzmanlar istihdam edilmi\u015ftir.<\/p>\n<p style=\"text-align: left;\">\u0130LKSAY Kurulunda y\u00fcr\u00fct\u00fclen faaliyetler, \u00e7al\u0131\u015fma alanlar\u0131na g\u00f6re \u015f\u00f6yle kategorize edilebilir:<\/p>\n<ul style=\"text-align: left;\">\n<li style=\"text-align: justify;\">\u0130lmi projeleri destekleme \u00e7al\u0131\u015fmalar\u0131<\/li>\n<li style=\"text-align: justify;\">Ne\u015fredilmesi talebiyle g\u00f6nderilen eserleri inceleme \u00e7al\u0131\u015fmalar\u0131<\/li>\n<li style=\"text-align: justify;\">Eser son okuma ve tashih \u00e7al\u0131\u015fmalar\u0131<\/li>\n<li style=\"text-align: justify;\">\u00c7eviri \u00e7al\u0131\u015fmalar\u0131<\/li>\n<li style=\"text-align: justify;\">Edit\u00f6rl\u00fck \u00e7al\u0131\u015fmalar\u0131<\/li>\n<li style=\"text-align: justify;\">Bilimsel toplant\u0131 ve \u00e7al\u0131\u015ftay faaliyetleri<\/li>\n<\/ul>\n<p style=\"text-align: left;\"><strong>PROJELER\u0130M\u0130Z<\/strong><\/p>\n<ul>\n<li class=\"toggle default\" style=\"text-align: left;\">Konulu Hadis Projesi<\/li>\n<li style=\"text-align: left;\"><i><\/i>Konulu Tefsir Projesi<\/li>\n<li style=\"text-align: left;\"><i><\/i>Konulu Siyer Projesi<\/li>\n<li style=\"text-align: left;\"><i><\/i>Siyer-i Neb\u00ee Atlas ve Alb\u00fcm\u00fc Projesi<\/li>\n<li style=\"text-align: left;\"><i><\/i>Kur\u02be\u00e2n Me\u00e2li Yaz\u0131m Projesi<\/li>\n<li style=\"text-align: left;\"><i><\/i>Gen\u00e7lik ve \u0130nan\u00e7 Sorunlar\u0131 Projesi<\/li>\n<li style=\"text-align: left;\"><i><\/i>TDV Yay\u0131nlar\u0131 Kurumsal Ar\u015fiv ve K\u00fct\u00fcphane \u00c7al\u0131\u015fmalar\u0131 \/ Kitap Ba\u011f\u0131\u015flar\u0131<\/li>\n<li style=\"text-align: left;\"><i><\/i>Eser \u00c7eviri Faaliyetleri<\/li>\n<\/ul>\n[\/vc_column_text][divider line_type=&#8221;No Line&#8221; custom_height=&#8221;10&#8243;][nectar_btn size=&#8221;large&#8221; open_new_tab=&#8221;true&#8221; button_style=&#8221;regular&#8221; button_color_2=&#8221;Accent-Color&#8221; icon_family=&#8221;none&#8221; url=&#8221;https:\/\/tdv.org\/tr-TR\/ilksay\/&#8221; text=&#8221;DETAYLI B\u0130LG\u0130&#8221;][\/vc_column][\/vc_row][vc_row type=&#8221;in_container&#8221; full_screen_row_position=&#8221;middle&#8221; column_margin=&#8221;default&#8221; column_direction=&#8221;default&#8221; column_direction_tablet=&#8221;default&#8221; column_direction_phone=&#8221;default&#8221; scene_position=&#8221;center&#8221; text_color=&#8221;dark&#8221; text_align=&#8221;left&#8221; row_border_radius=&#8221;none&#8221; row_border_radius_applies=&#8221;bg&#8221; row_position_desktop=&#8221;default&#8221; row_position_tablet=&#8221;inherit&#8221; row_position_phone=&#8221;inherit&#8221; overflow=&#8221;visible&#8221; overlay_strength=&#8221;0.3&#8243; gradient_direction=&#8221;left_to_right&#8221; shape_divider_position=&#8221;bottom&#8221; bg_image_animation=&#8221;none&#8221;][vc_column column_padding=&#8221;no-extra-padding&#8221; column_padding_tablet=&#8221;inherit&#8221; column_padding_phone=&#8221;inherit&#8221; column_padding_position=&#8221;all&#8221; flex_gap_desktop=&#8221;10px&#8221; column_element_direction_desktop=&#8221;default&#8221; column_element_spacing=&#8221;default&#8221; desktop_text_alignment=&#8221;default&#8221; tablet_text_alignment=&#8221;default&#8221; phone_text_alignment=&#8221;default&#8221; background_color_opacity=&#8221;1&#8243; background_hover_color_opacity=&#8221;1&#8243; column_backdrop_filter=&#8221;none&#8221; column_shadow=&#8221;none&#8221; column_border_radius=&#8221;none&#8221; column_link_target=&#8221;_self&#8221; column_position=&#8221;default&#8221; gradient_direction=&#8221;left_to_right&#8221; overlay_strength=&#8221;0.3&#8243; width=&#8221;1\/1&#8243; tablet_width_inherit=&#8221;default&#8221; animation_type=&#8221;default&#8221; bg_image_animation=&#8221;none&#8221; border_type=&#8221;simple&#8221; column_border_width=&#8221;none&#8221; column_border_style=&#8221;solid&#8221;][divider line_type=&#8221;No Line&#8221; custom_height=&#8221;20&#8243;][\/vc_column][\/vc_row]\n","protected":false},"excerpt":{"rendered":"<p>[vc_row type=&#8221;in_container&#8221; full_screen_row_position=&#8221;middle&#8221; column_margin=&#8221;default&#8221; column_direction=&#8221;default&#8221; column_direction_tablet=&#8221;default&#8221; column_direction_phone=&#8221;default&#8221; scene_position=&#8221;center&#8221; text_color=&#8221;dark&#8221; text_align=&#8221;left&#8221; row_border_radius=&#8221;none&#8221; row_border_radius_applies=&#8221;bg&#8221; row_position_desktop=&#8221;default&#8221; row_position_tablet=&#8221;inherit&#8221; row_position_phone=&#8221;inherit&#8221; overflow=&#8221;visible&#8221; overlay_strength=&#8221;0.3&#8243; gradient_direction=&#8221;left_to_right&#8221; shape_divider_position=&#8221;bottom&#8221; bg_image_animation=&#8221;none&#8221;][vc_column column_padding=&#8221;no-extra-padding&#8221; column_padding_tablet=&#8221;inherit&#8221; column_padding_phone=&#8221;inherit&#8221; column_padding_position=&#8221;all&#8221; flex_gap_desktop=&#8221;10px&#8221; column_element_direction_desktop=&#8221;default&#8221; column_element_spacing=&#8221;default&#8221; desktop_text_alignment=&#8221;default&#8221; tablet_text_alignment=&#8221;default&#8221; phone_text_alignment=&#8221;default&#8221;&#8230;<\/p>\n","protected":false},"author":1,"featured_media":0,"parent":133,"menu_order":0,"comment_status":"closed","ping_status":"closed","template":"","meta":{"footnotes":""},"class_list":["post-508","page","type-page","status-publish"],"yoast_head":"<!-- This site is optimized with the Yoast SEO plugin v27.5 - https:\/\/yoast.com\/product\/yoast-seo-wordpress\/ -->\n<title>Ara\u015ft\u0131rma Merkezleri - T\u00fcrkiye Diyanet Vakf\u0131 Resmi Web Sitesi<\/title>\n<meta name=\"description\" content=\"\u0130slam Ara\u015ft\u0131rmalar\u0131 Merkezi (\u0130SAM) ve \u0130lim, K\u00fclt\u00fcr Sanat ve Yay\u0131n Kurulu Ba\u015fkanl\u0131\u011f\u0131 (\u0130LKSAY) T\u00fcrkiye Diyanet Vakf\u0131 b\u00fcnyesinde faaliyetlerini y\u00fcr\u00fctmektedir.\" \/>\n<meta name=\"robots\" content=\"index, follow, max-snippet:-1, max-image-preview:large, max-video-preview:-1\" \/>\n<link rel=\"canonical\" href=\"https:\/\/tdv.org\/tr-TR\/kurumsal\/arastirma-merkezleri\/\" \/>\n<meta property=\"og:locale\" content=\"tr_TR\" \/>\n<meta property=\"og:type\" content=\"article\" \/>\n<meta property=\"og:title\" content=\"Ara\u015ft\u0131rma Merkezleri - T\u00fcrkiye Diyanet Vakf\u0131 Resmi Web Sitesi\" \/>\n<meta property=\"og:description\" content=\"\u0130slam Ara\u015ft\u0131rmalar\u0131 Merkezi (\u0130SAM) ve \u0130lim, K\u00fclt\u00fcr Sanat ve Yay\u0131n Kurulu Ba\u015fkanl\u0131\u011f\u0131 (\u0130LKSAY) T\u00fcrkiye Diyanet Vakf\u0131 b\u00fcnyesinde faaliyetlerini y\u00fcr\u00fctmektedir.\" \/>\n<meta property=\"og:url\" content=\"https:\/\/tdv.org\/tr-TR\/kurumsal\/arastirma-merkezleri\/\" \/>\n<meta property=\"og:site_name\" content=\"T\u00fcrkiye Diyanet Vakf\u0131 Resmi Web Sitesi\" \/>\n<meta property=\"article:publisher\" content=\"https:\/\/www.facebook.com\/Diyanetvakfi\/\" \/>\n<meta property=\"article:modified_time\" content=\"2026-04-07T07:16:11+00:00\" \/>\n<meta property=\"og:image\" content=\"https:\/\/tdv.org\/tr-TR\/wp-content\/uploads\/2026\/03\/isam-img-1.jpg\" \/>\n\t<meta property=\"og:image:width\" content=\"1009\" \/>\n\t<meta property=\"og:image:height\" content=\"246\" \/>\n\t<meta property=\"og:image:type\" content=\"image\/jpeg\" \/>\n<meta name=\"twitter:card\" content=\"summary_large_image\" \/>\n<meta name=\"twitter:site\" content=\"@DiyanetVakfi\" \/>\n<script type=\"application\/ld+json\" class=\"yoast-schema-graph\">{\"@context\":\"https:\\\/\\\/schema.org\",\"@graph\":[{\"@type\":\"WebPage\",\"@id\":\"https:\\\/\\\/tdv.org\\\/tr-TR\\\/kurumsal\\\/arastirma-merkezleri\\\/\",\"url\":\"https:\\\/\\\/tdv.org\\\/tr-TR\\\/kurumsal\\\/arastirma-merkezleri\\\/\",\"name\":\"Ara\u015ft\u0131rma Merkezleri - T\u00fcrkiye Diyanet Vakf\u0131 Resmi Web Sitesi\",\"isPartOf\":{\"@id\":\"https:\\\/\\\/tdv.org\\\/tr-TR\\\/#website\"},\"primaryImageOfPage\":{\"@id\":\"https:\\\/\\\/tdv.org\\\/tr-TR\\\/kurumsal\\\/arastirma-merkezleri\\\/#primaryimage\"},\"image\":{\"@id\":\"https:\\\/\\\/tdv.org\\\/tr-TR\\\/kurumsal\\\/arastirma-merkezleri\\\/#primaryimage\"},\"thumbnailUrl\":\"https:\\\/\\\/tdv.org\\\/tr-TR\\\/wp-content\\\/uploads\\\/2026\\\/03\\\/isam-img-1-300x73.jpg\",\"datePublished\":\"2019-01-12T13:57:17+00:00\",\"dateModified\":\"2026-04-07T07:16:11+00:00\",\"description\":\"\u0130slam Ara\u015ft\u0131rmalar\u0131 Merkezi (\u0130SAM) ve \u0130lim, K\u00fclt\u00fcr Sanat ve Yay\u0131n Kurulu Ba\u015fkanl\u0131\u011f\u0131 (\u0130LKSAY) T\u00fcrkiye Diyanet Vakf\u0131 b\u00fcnyesinde faaliyetlerini y\u00fcr\u00fctmektedir.\",\"breadcrumb\":{\"@id\":\"https:\\\/\\\/tdv.org\\\/tr-TR\\\/kurumsal\\\/arastirma-merkezleri\\\/#breadcrumb\"},\"inLanguage\":\"tr\",\"potentialAction\":[{\"@type\":\"ReadAction\",\"target\":[\"https:\\\/\\\/tdv.org\\\/tr-TR\\\/kurumsal\\\/arastirma-merkezleri\\\/\"]}]},{\"@type\":\"ImageObject\",\"inLanguage\":\"tr\",\"@id\":\"https:\\\/\\\/tdv.org\\\/tr-TR\\\/kurumsal\\\/arastirma-merkezleri\\\/#primaryimage\",\"url\":\"https:\\\/\\\/tdv.org\\\/tr-TR\\\/wp-content\\\/uploads\\\/2026\\\/03\\\/isam-img-1.jpg\",\"contentUrl\":\"https:\\\/\\\/tdv.org\\\/tr-TR\\\/wp-content\\\/uploads\\\/2026\\\/03\\\/isam-img-1.jpg\",\"width\":1009,\"height\":246},{\"@type\":\"BreadcrumbList\",\"@id\":\"https:\\\/\\\/tdv.org\\\/tr-TR\\\/kurumsal\\\/arastirma-merkezleri\\\/#breadcrumb\",\"itemListElement\":[{\"@type\":\"ListItem\",\"position\":1,\"name\":\"Anasayfa\",\"item\":\"https:\\\/\\\/tdv.org\\\/tr-TR\\\/\"},{\"@type\":\"ListItem\",\"position\":2,\"name\":\"Kurumsal\",\"item\":\"https:\\\/\\\/tdv.org\\\/tr-TR\\\/kurumsal\\\/\"},{\"@type\":\"ListItem\",\"position\":3,\"name\":\"Ara\u015ft\u0131rma Merkezleri\"}]},{\"@type\":\"WebSite\",\"@id\":\"https:\\\/\\\/tdv.org\\\/tr-TR\\\/#website\",\"url\":\"https:\\\/\\\/tdv.org\\\/tr-TR\\\/\",\"name\":\"T\u00fcrkiye Diyanet Vakf\u0131 Resmi Web Sitesi\",\"description\":\"Yery\u00fcz\u00fcnde iyilik egemen oluncaya kadar\",\"publisher\":{\"@id\":\"https:\\\/\\\/tdv.org\\\/tr-TR\\\/#organization\"},\"alternateName\":\"T\u00fcrkiye Diyanet Vakf\u0131\",\"potentialAction\":[{\"@type\":\"SearchAction\",\"target\":{\"@type\":\"EntryPoint\",\"urlTemplate\":\"https:\\\/\\\/tdv.org\\\/tr-TR\\\/?s={search_term_string}\"},\"query-input\":{\"@type\":\"PropertyValueSpecification\",\"valueRequired\":true,\"valueName\":\"search_term_string\"}}],\"inLanguage\":\"tr\"},{\"@type\":\"Organization\",\"@id\":\"https:\\\/\\\/tdv.org\\\/tr-TR\\\/#organization\",\"name\":\"T\u00fcrkiye Diyanet Vakf\u0131\",\"alternateName\":\"T\u00fcrkiye Diyanet Vakf\u0131\",\"url\":\"https:\\\/\\\/tdv.org\\\/tr-TR\\\/\",\"logo\":{\"@type\":\"ImageObject\",\"inLanguage\":\"tr\",\"@id\":\"https:\\\/\\\/tdv.org\\\/tr-TR\\\/#\\\/schema\\\/logo\\\/image\\\/\",\"url\":\"https:\\\/\\\/tdv.org\\\/tr-TR\\\/wp-content\\\/uploads\\\/2018\\\/12\\\/TDV_Logo_1.png\",\"contentUrl\":\"https:\\\/\\\/tdv.org\\\/tr-TR\\\/wp-content\\\/uploads\\\/2018\\\/12\\\/TDV_Logo_1.png\",\"width\":207,\"height\":71,\"caption\":\"T\u00fcrkiye Diyanet Vakf\u0131\"},\"image\":{\"@id\":\"https:\\\/\\\/tdv.org\\\/tr-TR\\\/#\\\/schema\\\/logo\\\/image\\\/\"},\"sameAs\":[\"https:\\\/\\\/www.facebook.com\\\/Diyanetvakfi\\\/\",\"https:\\\/\\\/x.com\\\/DiyanetVakfi\",\"https:\\\/\\\/www.instagram.com\\\/turkiyediyanetvakfi\\\/\",\"https:\\\/\\\/www.youtube.com\\\/user\\\/TurkiyeDiyanetVakfi\"]}]}<\/script>\n<!-- \/ Yoast SEO plugin. -->","yoast_head_json":{"title":"Ara\u015ft\u0131rma Merkezleri - T\u00fcrkiye Diyanet Vakf\u0131 Resmi Web Sitesi","description":"\u0130slam Ara\u015ft\u0131rmalar\u0131 Merkezi (\u0130SAM) ve \u0130lim, K\u00fclt\u00fcr Sanat ve Yay\u0131n Kurulu Ba\u015fkanl\u0131\u011f\u0131 (\u0130LKSAY) T\u00fcrkiye Diyanet Vakf\u0131 b\u00fcnyesinde faaliyetlerini y\u00fcr\u00fctmektedir.","robots":{"index":"index","follow":"follow","max-snippet":"max-snippet:-1","max-image-preview":"max-image-preview:large","max-video-preview":"max-video-preview:-1"},"canonical":"https:\/\/tdv.org\/tr-TR\/kurumsal\/arastirma-merkezleri\/","og_locale":"tr_TR","og_type":"article","og_title":"Ara\u015ft\u0131rma Merkezleri - T\u00fcrkiye Diyanet Vakf\u0131 Resmi Web Sitesi","og_description":"\u0130slam Ara\u015ft\u0131rmalar\u0131 Merkezi (\u0130SAM) ve \u0130lim, K\u00fclt\u00fcr Sanat ve Yay\u0131n Kurulu Ba\u015fkanl\u0131\u011f\u0131 (\u0130LKSAY) T\u00fcrkiye Diyanet Vakf\u0131 b\u00fcnyesinde faaliyetlerini y\u00fcr\u00fctmektedir.","og_url":"https:\/\/tdv.org\/tr-TR\/kurumsal\/arastirma-merkezleri\/","og_site_name":"T\u00fcrkiye Diyanet Vakf\u0131 Resmi Web Sitesi","article_publisher":"https:\/\/www.facebook.com\/Diyanetvakfi\/","article_modified_time":"2026-04-07T07:16:11+00:00","og_image":[{"width":1009,"height":246,"url":"https:\/\/tdv.org\/tr-TR\/wp-content\/uploads\/2026\/03\/isam-img-1.jpg","type":"image\/jpeg"}],"twitter_card":"summary_large_image","twitter_site":"@DiyanetVakfi","schema":{"@context":"https:\/\/schema.org","@graph":[{"@type":"WebPage","@id":"https:\/\/tdv.org\/tr-TR\/kurumsal\/arastirma-merkezleri\/","url":"https:\/\/tdv.org\/tr-TR\/kurumsal\/arastirma-merkezleri\/","name":"Ara\u015ft\u0131rma Merkezleri - T\u00fcrkiye Diyanet Vakf\u0131 Resmi Web Sitesi","isPartOf":{"@id":"https:\/\/tdv.org\/tr-TR\/#website"},"primaryImageOfPage":{"@id":"https:\/\/tdv.org\/tr-TR\/kurumsal\/arastirma-merkezleri\/#primaryimage"},"image":{"@id":"https:\/\/tdv.org\/tr-TR\/kurumsal\/arastirma-merkezleri\/#primaryimage"},"thumbnailUrl":"https:\/\/tdv.org\/tr-TR\/wp-content\/uploads\/2026\/03\/isam-img-1-300x73.jpg","datePublished":"2019-01-12T13:57:17+00:00","dateModified":"2026-04-07T07:16:11+00:00","description":"\u0130slam Ara\u015ft\u0131rmalar\u0131 Merkezi (\u0130SAM) ve \u0130lim, K\u00fclt\u00fcr Sanat ve Yay\u0131n Kurulu Ba\u015fkanl\u0131\u011f\u0131 (\u0130LKSAY) T\u00fcrkiye Diyanet Vakf\u0131 b\u00fcnyesinde faaliyetlerini y\u00fcr\u00fctmektedir.","breadcrumb":{"@id":"https:\/\/tdv.org\/tr-TR\/kurumsal\/arastirma-merkezleri\/#breadcrumb"},"inLanguage":"tr","potentialAction":[{"@type":"ReadAction","target":["https:\/\/tdv.org\/tr-TR\/kurumsal\/arastirma-merkezleri\/"]}]},{"@type":"ImageObject","inLanguage":"tr","@id":"https:\/\/tdv.org\/tr-TR\/kurumsal\/arastirma-merkezleri\/#primaryimage","url":"https:\/\/tdv.org\/tr-TR\/wp-content\/uploads\/2026\/03\/isam-img-1.jpg","contentUrl":"https:\/\/tdv.org\/tr-TR\/wp-content\/uploads\/2026\/03\/isam-img-1.jpg","width":1009,"height":246},{"@type":"BreadcrumbList","@id":"https:\/\/tdv.org\/tr-TR\/kurumsal\/arastirma-merkezleri\/#breadcrumb","itemListElement":[{"@type":"ListItem","position":1,"name":"Anasayfa","item":"https:\/\/tdv.org\/tr-TR\/"},{"@type":"ListItem","position":2,"name":"Kurumsal","item":"https:\/\/tdv.org\/tr-TR\/kurumsal\/"},{"@type":"ListItem","position":3,"name":"Ara\u015ft\u0131rma Merkezleri"}]},{"@type":"WebSite","@id":"https:\/\/tdv.org\/tr-TR\/#website","url":"https:\/\/tdv.org\/tr-TR\/","name":"T\u00fcrkiye Diyanet Vakf\u0131 Resmi Web Sitesi","description":"Yery\u00fcz\u00fcnde iyilik egemen oluncaya kadar","publisher":{"@id":"https:\/\/tdv.org\/tr-TR\/#organization"},"alternateName":"T\u00fcrkiye Diyanet Vakf\u0131","potentialAction":[{"@type":"SearchAction","target":{"@type":"EntryPoint","urlTemplate":"https:\/\/tdv.org\/tr-TR\/?s={search_term_string}"},"query-input":{"@type":"PropertyValueSpecification","valueRequired":true,"valueName":"search_term_string"}}],"inLanguage":"tr"},{"@type":"Organization","@id":"https:\/\/tdv.org\/tr-TR\/#organization","name":"T\u00fcrkiye Diyanet Vakf\u0131","alternateName":"T\u00fcrkiye Diyanet Vakf\u0131","url":"https:\/\/tdv.org\/tr-TR\/","logo":{"@type":"ImageObject","inLanguage":"tr","@id":"https:\/\/tdv.org\/tr-TR\/#\/schema\/logo\/image\/","url":"https:\/\/tdv.org\/tr-TR\/wp-content\/uploads\/2018\/12\/TDV_Logo_1.png","contentUrl":"https:\/\/tdv.org\/tr-TR\/wp-content\/uploads\/2018\/12\/TDV_Logo_1.png","width":207,"height":71,"caption":"T\u00fcrkiye Diyanet Vakf\u0131"},"image":{"@id":"https:\/\/tdv.org\/tr-TR\/#\/schema\/logo\/image\/"},"sameAs":["https:\/\/www.facebook.com\/Diyanetvakfi\/","https:\/\/x.com\/DiyanetVakfi","https:\/\/www.instagram.com\/turkiyediyanetvakfi\/","https:\/\/www.youtube.com\/user\/TurkiyeDiyanetVakfi"]}]}},"_links":{"self":[{"href":"https:\/\/tdv.org\/tr-TR\/wp-json\/wp\/v2\/pages\/508","targetHints":{"allow":["GET"]}}],"collection":[{"href":"https:\/\/tdv.org\/tr-TR\/wp-json\/wp\/v2\/pages"}],"about":[{"href":"https:\/\/tdv.org\/tr-TR\/wp-json\/wp\/v2\/types\/page"}],"author":[{"embeddable":true,"href":"https:\/\/tdv.org\/tr-TR\/wp-json\/wp\/v2\/users\/1"}],"replies":[{"embeddable":true,"href":"https:\/\/tdv.org\/tr-TR\/wp-json\/wp\/v2\/comments?post=508"}],"version-history":[{"count":9,"href":"https:\/\/tdv.org\/tr-TR\/wp-json\/wp\/v2\/pages\/508\/revisions"}],"predecessor-version":[{"id":57000,"href":"https:\/\/tdv.org\/tr-TR\/wp-json\/wp\/v2\/pages\/508\/revisions\/57000"}],"up":[{"embeddable":true,"href":"https:\/\/tdv.org\/tr-TR\/wp-json\/wp\/v2\/pages\/133"}],"wp:attachment":[{"href":"https:\/\/tdv.org\/tr-TR\/wp-json\/wp\/v2\/media?parent=508"}],"curies":[{"name":"wp","href":"https:\/\/api.w.org\/{rel}","templated":true}]}}